{"id":1527,"date":"2023-09-04T15:32:11","date_gmt":"2023-09-04T13:32:11","guid":{"rendered":"https:\/\/sail-interreg.com\/?post_type=kurs-konferanser&#038;p=1527"},"modified":"2024-07-19T20:55:05","modified_gmt":"2024-07-19T18:55:05","slug":"sail-konferansen","status":"publish","type":"kurs-konferanser","link":"https:\/\/sail-interreg.com\/sv\/kurs-konferanser\/sail-konferansen\/","title":{"rendered":"SAIL-konferens 2023"},"content":{"rendered":"<p>V\u00e4lkommen till en unik och gr\u00e4nsl\u00f6s konferens som kommer att samla deltagare fr\u00e5n olika yrkesomr\u00e5den kring samarbetet f\u00f6r att f\u00e5 fler unga tillbaka till arbete eller utbildning.<\/p>\n<p>Forskere, ansatte i hjelpemiddelapparatet, politikere, arbeidsgivere og interessenter fra begge sider av grensen er m\u00e5lgruppen for dette arrangementet. Konferansen vil v\u00e6re regionens viktigste m\u00f8teplass for de som jobber med unge mennesker utenfor arbeidslivet.<\/p>\n<p>Vi ser frem til en dag med dyptg\u00e5ende diskusjoner, erfaringsdeling og utvikling av nye l\u00f8sninger for \u00e5 hjelpe de unge tilbake til arbeidslivet. Konferansen vil v\u00e6re en plattform for kunnskapsdeling og inspirerende samtaler mellom eksperter, akademikere og beslutningstakere. Den vil gi en innsikt i SAIL-prosjektets tiln\u00e6rming og hvordan dette samarbeidet kan danne grunnlaget for lignende initiativer i fremtiden.<\/p>\n<h3>PROGRAM<\/h3>\n<h4>08:30 &#8211; 09:00 REGISTRERING<\/h4>\n<h4>09:00 &#8211; 09:10 VELKOMMEN<\/h4>\n<h4>09:10 &#8211; 09:30 SAIL\u2013 SAMMEN FOR UNGES VEI TILBAKE I ARBEID<\/h4>\n<p>SAIL-initiativet \u00e4r ett p\u00e5g\u00e5ende tre\u00e5rigt projekt som riktar sig s\u00e4rskilt mot unga m\u00e4nniskor i \u00e5ldersgruppen 18-36 som f\u00f6r n\u00e4rvarande inte \u00e4r aktiva p\u00e5 arbetsmarknaden. Projektets m\u00e5ls\u00e4ttning \u00e4r ocks\u00e5 att f\u00f6rst\u00e4rka st\u00f6dsystemen och \u00f6ka arbetsgivarnas f\u00f6rm\u00e5ga att ta emot och st\u00f6dja individer. Dessa anstr\u00e4ngningar kommer resultera i kunskapsutbyte \u00f6ver gr\u00e4nserna. Under en presentation kommer S\u00f6ren och Kristin att dela med sig av projektets framsteg och dess nuvarande inneh\u00e5ll, samt ge en f\u00f6rhandsutsikt \u00f6ver vad som kan f\u00f6rv\u00e4ntas under de kommande \u00e5ren.<\/p>\n<h5>KRISTIN GRESSBERG<\/h5>\n<p>Projektledare, H\u00f8gskolesenteret Kongsvinger.<\/p>\n<h5>S\u00d6REN ROOM<\/h5>\n<p>Prosjektledare, Arvika N\u00e4ringslivscentrum<\/p>\n<h4>09:30 &#8211; 10:00 INKLUDERANDRE ARBETSGIVARE \u2013 F\u00d6R EN EFFEKTIVARE VERKSAMHET<\/h4>\n<p>Som ett steg i att b\u00e4ttra matcha arbetsgivarnas behov med tillg\u00e4ngliga arbetskraftsresurser har kursen Inkluderande arbetsgivare \u2013 f\u00f6r en effektivare verksamhet tagits fram. Vi kommer att presentera bakgrunden, de identifierade behoven, kursens inneh\u00e5ll, det pedagogiska uppl\u00e4gget samt den f\u00f6rv\u00e4ntade effekten av utbildningen. Det kommer att finnas m\u00f6jlighet att st\u00e4lla fr\u00e5gor under presentationen. Kursen ges av Karlstads universitet i samarbete med H\u00f6gskolan i Innlandet.<\/p>\n<h5>ANKI NORDMARKER<\/h5>\n<p>Universitetslektor och Fil.dr i Psykologi, Karlstads Universitet<\/p>\n<h5>ERIK HAGASETH HAUG<\/h5>\n<p>F\u00f8rsteamanuensis veiledning, HINN<\/p>\n<h4>10:00 &#8211; 10:20 PAUSE<\/h4>\n<h4>10:20 &#8211; 11:00 INKLUDERINGSKOMPETANSE SOM SAMSKAPING<\/h4>\n<p>Kan utvikling av veilederrollen styrke virksomhetens inkluderingskompetanse? Spjelkavik vil presentere erfaringer fra FoU-prosjekter som tar sikte p\u00e5 \u00e5 involvere Nav-veiledere sterkere i virksomhetenes innsatser innen arbeidsinkludering. I presentasjonen vil s\u00e6rlig erfaringer fra samarbeid mellom veiledere og virksomhetsinterne mentorer bli vektlagt. Dette er erfaringer som indikerer en bevegelse fra bestiller-utf\u00f8rermodellen til mer samskaping<\/p>\n<h5>\u00d8YSTEIN SPJELKAVIK<\/h5>\n<p>Sosiolog og seniorforsker, OsloMet<\/p>\n<h4>11:00 &#8211; 12:00 LUNSJ<\/h4>\n<h4>12:00 &#8211; 15:00 BIP- HUR KAN VI ANV\u00c4NDA FORSKNINGEN I V\u00c5R PRAKTIK?<\/h4>\n<p>Forskningsprosjektet Besk\u00e6ftigelses Indikator Projektet (BIP) er et stort progresjonsm\u00e5lingsprosjekt som gikk over fire \u00e5r. Dataene bygger p\u00e5 ca 4000 deltakere\/jobbkandidater og over 300 saksbehandlere, og er det st\u00f8rste progresjonsm\u00e5lingsprosjektet som er gjennomf\u00f8rt i Danmark og internasjonalt. Karen vil dele innsikt fra de viktigste resultatene i prosjektet, og hva de betyr for arbeidet i praksis med \u00e5 st\u00f8tte langtidsledige med komplekse utfordringer for \u00e5 komme seg ut i arbeid eller studier.<\/p>\n<h5>KAREN ASK<\/h5>\n<p>Chefskonsult, V\u00e6ksthuset<\/p>\n<h4>15:00 &#8211; 15:10 AVSLUTNING<\/h4>\n<p>&nbsp;<\/p>","protected":false},"excerpt":{"rendered":"<p>V\u00e4lkommen till en unik och gr\u00e4nsl\u00f6s konferens som kommer att samla deltagare fr\u00e5n olika yrkesomr\u00e5den kring samarbetet f\u00f6r att f\u00e5 fler unga tillbaka till arbete eller utbildning.<\/p>","protected":false},"featured_media":2465,"template":"","class_list":["post-1527","kurs-konferanser","type-kurs-konferanser","status-publish","has-post-thumbnail","hentry"],"yoast_head":"<!-- This site is optimized with the Yoast SEO plugin v27.4 - https:\/\/yoast.com\/product\/yoast-seo-wordpress\/ -->\n<title>SAIL-konferansen 2023 - SAIL<\/title>\n<meta name=\"description\" content=\"Velkommen til en unik og grensel\u00f8s konferanse som vil samle deltakere fra en rekke fagligheter rundt samarbeidet om \u00e5 f\u00e5 flere unge tilbake i arbeid eller utdanning.\" \/>\n<meta name=\"robots\" content=\"index, follow, max-snippet:-1, max-image-preview:large, max-video-preview:-1\" \/>\n<link rel=\"canonical\" href=\"https:\/\/sail-interreg.com\/sv\/kurs-konferanser\/sail-konferansen\/\" \/>\n<meta property=\"og:locale\" content=\"sv_SE\" \/>\n<meta property=\"og:type\" content=\"article\" \/>\n<meta property=\"og:title\" content=\"SAIL-konferansen 2023 - SAIL\" \/>\n<meta property=\"og:description\" content=\"Velkommen til en unik og grensel\u00f8s konferanse som vil samle deltakere fra en rekke fagligheter rundt samarbeidet om \u00e5 f\u00e5 flere unge tilbake i arbeid eller utdanning.\" \/>\n<meta property=\"og:url\" content=\"https:\/\/sail-interreg.com\/sv\/kurs-konferanser\/sail-konferansen\/\" \/>\n<meta property=\"og:site_name\" content=\"SAIL\" \/>\n<meta property=\"article:modified_time\" content=\"2024-07-19T18:55:05+00:00\" \/>\n<meta property=\"og:image\" content=\"https:\/\/sail-interreg.com\/wp-content\/uploads\/2023\/09\/SAIL-SoMe-arrangement-banner-v1-ferdig-versjon.png\" \/>\n\t<meta property=\"og:image:width\" content=\"8000\" \/>\n\t<meta property=\"og:image:height\" content=\"4187\" \/>\n\t<meta property=\"og:image:type\" content=\"image\/png\" \/>\n<meta name=\"twitter:card\" content=\"summary_large_image\" \/>\n<meta name=\"twitter:label1\" content=\"Ber\u00e4knad l\u00e4stid\" \/>\n\t<meta name=\"twitter:data1\" content=\"3 minuter\" \/>\n<script type=\"application\/ld+json\" class=\"yoast-schema-graph\">{\"@context\":\"https:\\\/\\\/schema.org\",\"@graph\":[{\"@type\":\"WebPage\",\"@id\":\"https:\\\/\\\/sail-interreg.com\\\/kurs-konferanser\\\/sail-konferansen\\\/\",\"url\":\"https:\\\/\\\/sail-interreg.com\\\/kurs-konferanser\\\/sail-konferansen\\\/\",\"name\":\"SAIL-konferansen 2023 - SAIL\",\"isPartOf\":{\"@id\":\"https:\\\/\\\/sail-interreg.com\\\/#website\"},\"primaryImageOfPage\":{\"@id\":\"https:\\\/\\\/sail-interreg.com\\\/kurs-konferanser\\\/sail-konferansen\\\/#primaryimage\"},\"image\":{\"@id\":\"https:\\\/\\\/sail-interreg.com\\\/kurs-konferanser\\\/sail-konferansen\\\/#primaryimage\"},\"thumbnailUrl\":\"https:\\\/\\\/sail-interreg.com\\\/wp-content\\\/uploads\\\/2023\\\/09\\\/SAIL-SoMe-arrangement-banner-v1-ferdig-versjon.png\",\"datePublished\":\"2023-09-04T13:32:11+00:00\",\"dateModified\":\"2024-07-19T18:55:05+00:00\",\"description\":\"Velkommen til en unik og grensel\u00f8s konferanse som vil samle deltakere fra en rekke fagligheter rundt samarbeidet om \u00e5 f\u00e5 flere unge tilbake i arbeid eller utdanning.\",\"breadcrumb\":{\"@id\":\"https:\\\/\\\/sail-interreg.com\\\/kurs-konferanser\\\/sail-konferansen\\\/#breadcrumb\"},\"inLanguage\":\"sv-SE\",\"potentialAction\":[{\"@type\":\"ReadAction\",\"target\":[\"https:\\\/\\\/sail-interreg.com\\\/kurs-konferanser\\\/sail-konferansen\\\/\"]}]},{\"@type\":\"ImageObject\",\"inLanguage\":\"sv-SE\",\"@id\":\"https:\\\/\\\/sail-interreg.com\\\/kurs-konferanser\\\/sail-konferansen\\\/#primaryimage\",\"url\":\"https:\\\/\\\/sail-interreg.com\\\/wp-content\\\/uploads\\\/2023\\\/09\\\/SAIL-SoMe-arrangement-banner-v1-ferdig-versjon.png\",\"contentUrl\":\"https:\\\/\\\/sail-interreg.com\\\/wp-content\\\/uploads\\\/2023\\\/09\\\/SAIL-SoMe-arrangement-banner-v1-ferdig-versjon.png\",\"width\":8000,\"height\":4187,\"caption\":\"Plakat med SAIL-konferansen og bilde av foredragsholderne\"},{\"@type\":\"BreadcrumbList\",\"@id\":\"https:\\\/\\\/sail-interreg.com\\\/kurs-konferanser\\\/sail-konferansen\\\/#breadcrumb\",\"itemListElement\":[{\"@type\":\"ListItem\",\"position\":1,\"name\":\"Hjem\",\"item\":\"https:\\\/\\\/sail-interreg.com\\\/\"},{\"@type\":\"ListItem\",\"position\":2,\"name\":\"Kurs-konferanser\",\"item\":\"https:\\\/\\\/sail-interreg.com\\\/kurs-konferanser\\\/\"},{\"@type\":\"ListItem\",\"position\":3,\"name\":\"SAIL-konferansen 2023\"}]},{\"@type\":\"WebSite\",\"@id\":\"https:\\\/\\\/sail-interreg.com\\\/#website\",\"url\":\"https:\\\/\\\/sail-interreg.com\\\/\",\"name\":\"SAIL\",\"description\":\"Unges veg til arbeid\",\"potentialAction\":[{\"@type\":\"SearchAction\",\"target\":{\"@type\":\"EntryPoint\",\"urlTemplate\":\"https:\\\/\\\/sail-interreg.com\\\/?s={search_term_string}\"},\"query-input\":{\"@type\":\"PropertyValueSpecification\",\"valueRequired\":true,\"valueName\":\"search_term_string\"}}],\"inLanguage\":\"sv-SE\"}]}<\/script>\n<!-- \/ Yoast SEO plugin. -->","yoast_head_json":{"title":"SAIL-konferansen 2023 - SAIL","description":"V\u00e4lkommen till en unik och gr\u00e4nsl\u00f6s konferens som kommer att samla deltagare fr\u00e5n olika yrkesomr\u00e5den kring samarbetet f\u00f6r att f\u00e5 fler unga tillbaka till arbete eller utbildning.","robots":{"index":"index","follow":"follow","max-snippet":"max-snippet:-1","max-image-preview":"max-image-preview:large","max-video-preview":"max-video-preview:-1"},"canonical":"https:\/\/sail-interreg.com\/sv\/kurs-konferanser\/sail-konferansen\/","og_locale":"sv_SE","og_type":"article","og_title":"SAIL-konferansen 2023 - SAIL","og_description":"Velkommen til en unik og grensel\u00f8s konferanse som vil samle deltakere fra en rekke fagligheter rundt samarbeidet om \u00e5 f\u00e5 flere unge tilbake i arbeid eller utdanning.","og_url":"https:\/\/sail-interreg.com\/sv\/kurs-konferanser\/sail-konferansen\/","og_site_name":"SAIL","article_modified_time":"2024-07-19T18:55:05+00:00","og_image":[{"width":8000,"height":4187,"url":"https:\/\/sail-interreg.com\/wp-content\/uploads\/2023\/09\/SAIL-SoMe-arrangement-banner-v1-ferdig-versjon.png","type":"image\/png"}],"twitter_card":"summary_large_image","twitter_misc":{"Ber\u00e4knad l\u00e4stid":"3 minuter"},"schema":{"@context":"https:\/\/schema.org","@graph":[{"@type":"WebPage","@id":"https:\/\/sail-interreg.com\/kurs-konferanser\/sail-konferansen\/","url":"https:\/\/sail-interreg.com\/kurs-konferanser\/sail-konferansen\/","name":"SAIL-konferansen 2023 - SAIL","isPartOf":{"@id":"https:\/\/sail-interreg.com\/#website"},"primaryImageOfPage":{"@id":"https:\/\/sail-interreg.com\/kurs-konferanser\/sail-konferansen\/#primaryimage"},"image":{"@id":"https:\/\/sail-interreg.com\/kurs-konferanser\/sail-konferansen\/#primaryimage"},"thumbnailUrl":"https:\/\/sail-interreg.com\/wp-content\/uploads\/2023\/09\/SAIL-SoMe-arrangement-banner-v1-ferdig-versjon.png","datePublished":"2023-09-04T13:32:11+00:00","dateModified":"2024-07-19T18:55:05+00:00","description":"V\u00e4lkommen till en unik och gr\u00e4nsl\u00f6s konferens som kommer att samla deltagare fr\u00e5n olika yrkesomr\u00e5den kring samarbetet f\u00f6r att f\u00e5 fler unga tillbaka till arbete eller utbildning.","breadcrumb":{"@id":"https:\/\/sail-interreg.com\/kurs-konferanser\/sail-konferansen\/#breadcrumb"},"inLanguage":"sv-SE","potentialAction":[{"@type":"ReadAction","target":["https:\/\/sail-interreg.com\/kurs-konferanser\/sail-konferansen\/"]}]},{"@type":"ImageObject","inLanguage":"sv-SE","@id":"https:\/\/sail-interreg.com\/kurs-konferanser\/sail-konferansen\/#primaryimage","url":"https:\/\/sail-interreg.com\/wp-content\/uploads\/2023\/09\/SAIL-SoMe-arrangement-banner-v1-ferdig-versjon.png","contentUrl":"https:\/\/sail-interreg.com\/wp-content\/uploads\/2023\/09\/SAIL-SoMe-arrangement-banner-v1-ferdig-versjon.png","width":8000,"height":4187,"caption":"Plakat med SAIL-konferansen og bilde av foredragsholderne"},{"@type":"BreadcrumbList","@id":"https:\/\/sail-interreg.com\/kurs-konferanser\/sail-konferansen\/#breadcrumb","itemListElement":[{"@type":"ListItem","position":1,"name":"Hjem","item":"https:\/\/sail-interreg.com\/"},{"@type":"ListItem","position":2,"name":"Kurs-konferanser","item":"https:\/\/sail-interreg.com\/kurs-konferanser\/"},{"@type":"ListItem","position":3,"name":"SAIL-konferansen 2023"}]},{"@type":"WebSite","@id":"https:\/\/sail-interreg.com\/#website","url":"https:\/\/sail-interreg.com\/","name":"SAIL","description":"Ungas v\u00e4g till arbete","potentialAction":[{"@type":"SearchAction","target":{"@type":"EntryPoint","urlTemplate":"https:\/\/sail-interreg.com\/?s={search_term_string}"},"query-input":{"@type":"PropertyValueSpecification","valueRequired":true,"valueName":"search_term_string"}}],"inLanguage":"sv-SE"}]}},"_links":{"self":[{"href":"https:\/\/sail-interreg.com\/sv\/wp-json\/wp\/v2\/kurs-konferanser\/1527","targetHints":{"allow":["GET"]}}],"collection":[{"href":"https:\/\/sail-interreg.com\/sv\/wp-json\/wp\/v2\/kurs-konferanser"}],"about":[{"href":"https:\/\/sail-interreg.com\/sv\/wp-json\/wp\/v2\/types\/kurs-konferanser"}],"wp:featuredmedia":[{"embeddable":true,"href":"https:\/\/sail-interreg.com\/sv\/wp-json\/wp\/v2\/media\/2465"}],"wp:attachment":[{"href":"https:\/\/sail-interreg.com\/sv\/wp-json\/wp\/v2\/media?parent=1527"}],"curies":[{"name":"wp","href":"https:\/\/api.w.org\/{rel}","templated":true}]}}