{"id":4027,"date":"2024-09-03T10:24:25","date_gmt":"2024-09-03T08:24:25","guid":{"rendered":"https:\/\/sail-interreg.com\/?post_type=aktuelt-sail&#038;p=4027"},"modified":"2024-09-03T10:44:03","modified_gmt":"2024-09-03T08:44:03","slug":"workshop-med-veiledere-i-hjelpemiddelapparatet","status":"publish","type":"aktuelt-sail","link":"https:\/\/sail-interreg.com\/sv\/aktuelt-sail\/workshop-med-veiledere-i-hjelpemiddelapparatet\/","title":{"rendered":"Workshop med handledare i hj\u00e4lpmedlet"},"content":{"rendered":"<p>Workshop med handledare i hj\u00e4lpmedelsapparaten fr\u00e5n b\u00e5de Sverige och Norge blev en fantastisk start p\u00e5 en sp\u00e4nnande h\u00f6st! Fokus f\u00f6r workshopen var att dela kunskap och utveckla nya id\u00e9er om \u00e5tg\u00e4rder f\u00f6r unga som st\u00e5r utanf\u00f6r arbete. Tillsammans diskuterade vi utmaningar, delade erfarenheter och m\u00f6jliga l\u00f6sningar som kan g\u00f6ra skillnad f\u00f6r unga som st\u00e5r utanf\u00f6r arbetsmarknaden.<\/p>\n<p>P\u00e5 konferensen den 23 oktober f\u00e5r du m\u00f6jlighet att dyka djupare in i dessa \u00e4mnen och f\u00e5 massor av inspiration. Du kan h\u00f6ra av experter, delta i diskussioner och l\u00e4ra dig mer om hur vi kan hj\u00e4lpa unga att komma i arbete. Det h\u00e4r \u00e4r en m\u00f6jlighet att vidga dina vyer, knyta kontakter och bli en del av ett viktigt arbete f\u00f6r framtiden. Vi hoppas att vi ses d\u00e4r!<\/p>","protected":false},"excerpt":{"rendered":"<p>Workshop med handledare i hj\u00e4lpmedelsapparaten fr\u00e5n b\u00e5de Sverige och Norge blev en fantastisk start p\u00e5 en sp\u00e4nnande h\u00f6st!<\/p>","protected":false},"author":1,"featured_media":4030,"template":"","class_list":["post-4027","aktuelt-sail","type-aktuelt-sail","status-publish","has-post-thumbnail","hentry"],"yoast_head":"<!-- This site is optimized with the Yoast SEO plugin v27.4 - https:\/\/yoast.com\/product\/yoast-seo-wordpress\/ -->\n<title>Workshop med veiledere i hjelpemiddelapparatet - SAIL<\/title>\n<meta name=\"robots\" content=\"index, follow, max-snippet:-1, max-image-preview:large, max-video-preview:-1\" \/>\n<link rel=\"canonical\" href=\"https:\/\/sail-interreg.com\/sv\/aktuelt-sail\/workshop-med-veiledere-i-hjelpemiddelapparatet\/\" \/>\n<meta property=\"og:locale\" content=\"sv_SE\" \/>\n<meta property=\"og:type\" content=\"article\" \/>\n<meta property=\"og:title\" content=\"Workshop med veiledere i hjelpemiddelapparatet - SAIL\" \/>\n<meta property=\"og:description\" content=\"Workshop med veiledere i hjelpemiddelapparatet fra b\u00e5de Sverige og Norge var en fantastisk start p\u00e5 en spennende h\u00f8st!\" \/>\n<meta property=\"og:url\" content=\"https:\/\/sail-interreg.com\/sv\/aktuelt-sail\/workshop-med-veiledere-i-hjelpemiddelapparatet\/\" \/>\n<meta property=\"og:site_name\" content=\"SAIL\" \/>\n<meta property=\"article:modified_time\" content=\"2024-09-03T08:44:03+00:00\" \/>\n<meta property=\"og:image\" content=\"https:\/\/sail-interreg.com\/wp-content\/uploads\/2024\/09\/Workshop-med-veiledere-i-hjelpemiddelapparatet.jpg\" \/>\n\t<meta property=\"og:image:width\" content=\"1647\" \/>\n\t<meta property=\"og:image:height\" content=\"1512\" \/>\n\t<meta property=\"og:image:type\" content=\"image\/jpeg\" \/>\n<meta name=\"twitter:card\" content=\"summary_large_image\" \/>\n<meta name=\"twitter:label1\" content=\"Ber\u00e4knad l\u00e4stid\" \/>\n\t<meta name=\"twitter:data1\" content=\"1 minut\" \/>\n<script type=\"application\/ld+json\" class=\"yoast-schema-graph\">{\"@context\":\"https:\\\/\\\/schema.org\",\"@graph\":[{\"@type\":\"WebPage\",\"@id\":\"https:\\\/\\\/sail-interreg.com\\\/aktuelt-sail\\\/workshop-med-veiledere-i-hjelpemiddelapparatet\\\/\",\"url\":\"https:\\\/\\\/sail-interreg.com\\\/aktuelt-sail\\\/workshop-med-veiledere-i-hjelpemiddelapparatet\\\/\",\"name\":\"Workshop med veiledere i hjelpemiddelapparatet - SAIL\",\"isPartOf\":{\"@id\":\"https:\\\/\\\/sail-interreg.com\\\/#website\"},\"primaryImageOfPage\":{\"@id\":\"https:\\\/\\\/sail-interreg.com\\\/aktuelt-sail\\\/workshop-med-veiledere-i-hjelpemiddelapparatet\\\/#primaryimage\"},\"image\":{\"@id\":\"https:\\\/\\\/sail-interreg.com\\\/aktuelt-sail\\\/workshop-med-veiledere-i-hjelpemiddelapparatet\\\/#primaryimage\"},\"thumbnailUrl\":\"https:\\\/\\\/sail-interreg.com\\\/wp-content\\\/uploads\\\/2024\\\/09\\\/Workshop-med-veiledere-i-hjelpemiddelapparatet.jpg\",\"datePublished\":\"2024-09-03T08:24:25+00:00\",\"dateModified\":\"2024-09-03T08:44:03+00:00\",\"breadcrumb\":{\"@id\":\"https:\\\/\\\/sail-interreg.com\\\/aktuelt-sail\\\/workshop-med-veiledere-i-hjelpemiddelapparatet\\\/#breadcrumb\"},\"inLanguage\":\"sv-SE\",\"potentialAction\":[{\"@type\":\"ReadAction\",\"target\":[\"https:\\\/\\\/sail-interreg.com\\\/aktuelt-sail\\\/workshop-med-veiledere-i-hjelpemiddelapparatet\\\/\"]}]},{\"@type\":\"ImageObject\",\"inLanguage\":\"sv-SE\",\"@id\":\"https:\\\/\\\/sail-interreg.com\\\/aktuelt-sail\\\/workshop-med-veiledere-i-hjelpemiddelapparatet\\\/#primaryimage\",\"url\":\"https:\\\/\\\/sail-interreg.com\\\/wp-content\\\/uploads\\\/2024\\\/09\\\/Workshop-med-veiledere-i-hjelpemiddelapparatet.jpg\",\"contentUrl\":\"https:\\\/\\\/sail-interreg.com\\\/wp-content\\\/uploads\\\/2024\\\/09\\\/Workshop-med-veiledere-i-hjelpemiddelapparatet.jpg\",\"width\":1647,\"height\":1512},{\"@type\":\"BreadcrumbList\",\"@id\":\"https:\\\/\\\/sail-interreg.com\\\/aktuelt-sail\\\/workshop-med-veiledere-i-hjelpemiddelapparatet\\\/#breadcrumb\",\"itemListElement\":[{\"@type\":\"ListItem\",\"position\":1,\"name\":\"Hjem\",\"item\":\"https:\\\/\\\/sail-interreg.com\\\/\"},{\"@type\":\"ListItem\",\"position\":2,\"name\":\"Aktuelt fra sail\",\"item\":\"https:\\\/\\\/sail-interreg.com\\\/aktuelt-sail\\\/\"},{\"@type\":\"ListItem\",\"position\":3,\"name\":\"Workshop med veiledere i hjelpemiddelapparatet\"}]},{\"@type\":\"WebSite\",\"@id\":\"https:\\\/\\\/sail-interreg.com\\\/#website\",\"url\":\"https:\\\/\\\/sail-interreg.com\\\/\",\"name\":\"SAIL\",\"description\":\"Unges veg til arbeid\",\"potentialAction\":[{\"@type\":\"SearchAction\",\"target\":{\"@type\":\"EntryPoint\",\"urlTemplate\":\"https:\\\/\\\/sail-interreg.com\\\/?s={search_term_string}\"},\"query-input\":{\"@type\":\"PropertyValueSpecification\",\"valueRequired\":true,\"valueName\":\"search_term_string\"}}],\"inLanguage\":\"sv-SE\"}]}<\/script>\n<!-- \/ Yoast SEO plugin. -->","yoast_head_json":{"title":"Workshop med veiledere i hjelpemiddelapparatet - SAIL","robots":{"index":"index","follow":"follow","max-snippet":"max-snippet:-1","max-image-preview":"max-image-preview:large","max-video-preview":"max-video-preview:-1"},"canonical":"https:\/\/sail-interreg.com\/sv\/aktuelt-sail\/workshop-med-veiledere-i-hjelpemiddelapparatet\/","og_locale":"sv_SE","og_type":"article","og_title":"Workshop med veiledere i hjelpemiddelapparatet - SAIL","og_description":"Workshop med veiledere i hjelpemiddelapparatet fra b\u00e5de Sverige og Norge var en fantastisk start p\u00e5 en spennende h\u00f8st!","og_url":"https:\/\/sail-interreg.com\/sv\/aktuelt-sail\/workshop-med-veiledere-i-hjelpemiddelapparatet\/","og_site_name":"SAIL","article_modified_time":"2024-09-03T08:44:03+00:00","og_image":[{"width":1647,"height":1512,"url":"https:\/\/sail-interreg.com\/wp-content\/uploads\/2024\/09\/Workshop-med-veiledere-i-hjelpemiddelapparatet.jpg","type":"image\/jpeg"}],"twitter_card":"summary_large_image","twitter_misc":{"Ber\u00e4knad l\u00e4stid":"1 minut"},"schema":{"@context":"https:\/\/schema.org","@graph":[{"@type":"WebPage","@id":"https:\/\/sail-interreg.com\/aktuelt-sail\/workshop-med-veiledere-i-hjelpemiddelapparatet\/","url":"https:\/\/sail-interreg.com\/aktuelt-sail\/workshop-med-veiledere-i-hjelpemiddelapparatet\/","name":"Workshop med veiledere i hjelpemiddelapparatet - SAIL","isPartOf":{"@id":"https:\/\/sail-interreg.com\/#website"},"primaryImageOfPage":{"@id":"https:\/\/sail-interreg.com\/aktuelt-sail\/workshop-med-veiledere-i-hjelpemiddelapparatet\/#primaryimage"},"image":{"@id":"https:\/\/sail-interreg.com\/aktuelt-sail\/workshop-med-veiledere-i-hjelpemiddelapparatet\/#primaryimage"},"thumbnailUrl":"https:\/\/sail-interreg.com\/wp-content\/uploads\/2024\/09\/Workshop-med-veiledere-i-hjelpemiddelapparatet.jpg","datePublished":"2024-09-03T08:24:25+00:00","dateModified":"2024-09-03T08:44:03+00:00","breadcrumb":{"@id":"https:\/\/sail-interreg.com\/aktuelt-sail\/workshop-med-veiledere-i-hjelpemiddelapparatet\/#breadcrumb"},"inLanguage":"sv-SE","potentialAction":[{"@type":"ReadAction","target":["https:\/\/sail-interreg.com\/aktuelt-sail\/workshop-med-veiledere-i-hjelpemiddelapparatet\/"]}]},{"@type":"ImageObject","inLanguage":"sv-SE","@id":"https:\/\/sail-interreg.com\/aktuelt-sail\/workshop-med-veiledere-i-hjelpemiddelapparatet\/#primaryimage","url":"https:\/\/sail-interreg.com\/wp-content\/uploads\/2024\/09\/Workshop-med-veiledere-i-hjelpemiddelapparatet.jpg","contentUrl":"https:\/\/sail-interreg.com\/wp-content\/uploads\/2024\/09\/Workshop-med-veiledere-i-hjelpemiddelapparatet.jpg","width":1647,"height":1512},{"@type":"BreadcrumbList","@id":"https:\/\/sail-interreg.com\/aktuelt-sail\/workshop-med-veiledere-i-hjelpemiddelapparatet\/#breadcrumb","itemListElement":[{"@type":"ListItem","position":1,"name":"Hjem","item":"https:\/\/sail-interreg.com\/"},{"@type":"ListItem","position":2,"name":"Aktuelt fra sail","item":"https:\/\/sail-interreg.com\/aktuelt-sail\/"},{"@type":"ListItem","position":3,"name":"Workshop med veiledere i hjelpemiddelapparatet"}]},{"@type":"WebSite","@id":"https:\/\/sail-interreg.com\/#website","url":"https:\/\/sail-interreg.com\/","name":"SAIL","description":"Ungas v\u00e4g till arbete","potentialAction":[{"@type":"SearchAction","target":{"@type":"EntryPoint","urlTemplate":"https:\/\/sail-interreg.com\/?s={search_term_string}"},"query-input":{"@type":"PropertyValueSpecification","valueRequired":true,"valueName":"search_term_string"}}],"inLanguage":"sv-SE"}]}},"_links":{"self":[{"href":"https:\/\/sail-interreg.com\/sv\/wp-json\/wp\/v2\/aktuelt-sail\/4027","targetHints":{"allow":["GET"]}}],"collection":[{"href":"https:\/\/sail-interreg.com\/sv\/wp-json\/wp\/v2\/aktuelt-sail"}],"about":[{"href":"https:\/\/sail-interreg.com\/sv\/wp-json\/wp\/v2\/types\/aktuelt-sail"}],"author":[{"embeddable":true,"href":"https:\/\/sail-interreg.com\/sv\/wp-json\/wp\/v2\/users\/1"}],"version-history":[{"count":2,"href":"https:\/\/sail-interreg.com\/sv\/wp-json\/wp\/v2\/aktuelt-sail\/4027\/revisions"}],"predecessor-version":[{"id":4029,"href":"https:\/\/sail-interreg.com\/sv\/wp-json\/wp\/v2\/aktuelt-sail\/4027\/revisions\/4029"}],"wp:featuredmedia":[{"embeddable":true,"href":"https:\/\/sail-interreg.com\/sv\/wp-json\/wp\/v2\/media\/4030"}],"wp:attachment":[{"href":"https:\/\/sail-interreg.com\/sv\/wp-json\/wp\/v2\/media?parent=4027"}],"curies":[{"name":"wp","href":"https:\/\/api.w.org\/{rel}","templated":true}]}}