{"id":2621,"date":"2023-09-07T14:45:45","date_gmt":"2023-09-07T12:45:45","guid":{"rendered":"https:\/\/sail-interreg.com\/?post_type=aktuelt-sail&#038;p=2621"},"modified":"2023-10-17T23:25:07","modified_gmt":"2023-10-17T21:25:07","slug":"en-flott-seminaropplevelse-ut-av-komfortsonen","status":"publish","type":"aktuelt-sail","link":"https:\/\/sail-interreg.com\/sv\/aktuelt-sail\/en-flott-seminaropplevelse-ut-av-komfortsonen\/","title":{"rendered":"En fantastisk seminarieupplevelse utanf\u00f6r komfortzonen"},"content":{"rendered":"<p>Utforska Den Positiva Avviksmetoden med Arvind Singhal: Tillsammans med ett antal deltagare som representerade olika sektorer och initiativ som arbetar med unga i Kongsvinger-regionen, hade vi nyligen gl\u00e4djen att delta i en inspirerande och tankev\u00e4ckande seminarium med en av v\u00e4rldens fr\u00e4msta experter inom kommunikation och positiv avviksmetod (PD) <a href=\"https:\/\/www.utep.edu\/liberalarts\/communication\/people\/faculty\/faculty-pages\/arvind-singhal.html\">Professor Arvind Singhal.<\/a><\/p>\n<p>Det var en m\u00e5ngfaldig samling av handledare, v\u00e5rdpersonal, ungdomsarbetare, socialarbetare och samh\u00e4llsledare, alla samlade med ett gemensamt m\u00e5l: Att arbeta f\u00f6r att unga m\u00e4nniskor ska f\u00e5 delta i arbets- och samh\u00e4llslivet p\u00e5 sina egna villkor.<\/p>\n<figure id=\"attachment_2622\" aria-describedby=\"caption-attachment-2622\" style=\"width: 300px\" class=\"wp-caption alignleft\"><img fetchpriority=\"high\" decoding=\"async\" class=\"size-medium wp-image-2622\" src=\"https:\/\/sail-interreg.com\/wp-content\/uploads\/2023\/10\/Arvind-Singhal-2-300x225.jpg\" alt=\"Samling med professor Arvind Singhal \" width=\"300\" height=\"225\" srcset=\"https:\/\/sail-interreg.com\/wp-content\/uploads\/2023\/10\/Arvind-Singhal-2-300x225.jpg 300w, https:\/\/sail-interreg.com\/wp-content\/uploads\/2023\/10\/Arvind-Singhal-2-1024x768.jpg 1024w, https:\/\/sail-interreg.com\/wp-content\/uploads\/2023\/10\/Arvind-Singhal-2-768x576.jpg 768w, https:\/\/sail-interreg.com\/wp-content\/uploads\/2023\/10\/Arvind-Singhal-2-1536x1152.jpg 1536w, https:\/\/sail-interreg.com\/wp-content\/uploads\/2023\/10\/Arvind-Singhal-2-16x12.jpg 16w, https:\/\/sail-interreg.com\/wp-content\/uploads\/2023\/10\/Arvind-Singhal-2.jpg 2048w\" sizes=\"(max-width: 300px) 100vw, 300px\" \/><figcaption id=\"caption-attachment-2622\" class=\"wp-caption-text\">Tr\u00e4ff med professor Arvind Singhal p\u00e5 H\u00f6gskolecentret i Kongsvinger<\/figcaption><\/figure>\n<p>Seminarieutbildningen utmanade v\u00e5rt vana (och mest f\u00f6redragna) s\u00e4tt att m\u00f6tas, vilket vanligtvis \u00e4r v\u00e4l g\u00f6mt bakom en sk\u00e4rm och en dator. Ist\u00e4llet placerades vi i en ring, utan varken bord, dator eller anteckningsblock, d\u00e4r vi alla kunde se varandra och s\u00e4kert k\u00e4nde en viss s\u00e5rbarhet och os\u00e4kerhet. Seminariet lyckades \u00e4nd\u00e5 f\u00e5 oss ut ur v\u00e5r komfortzon och blev en berikande upplevelse som inspirerade oss att t\u00e4nka annorlunda om kommunikation, samh\u00e4lle och f\u00f6r\u00e4ndringsarbete.<\/p>\n<p>Arvind Singhal \u00e4r direkt\u00f6r f\u00f6r Social Justice Initiative vid University of Texas i El Paso, samt knuten till H\u00f8gskolen i Innlandet och ledande professor inom den positiva avvikstiln\u00e4rmingen (PD). Han har publicerat tre b\u00f6cker inom detta \u00e4mne, samt flera artiklar som har blivit granskade av experter. Han har \u00e4ven genomf\u00f6rt ett stort antal fallstudier och undervisat f\u00f6r l\u00e4rare, v\u00e5rdpersonal och f\u00f6retagsledare i flera l\u00e4nder i Amerika, Europa, Asien, Afrika och Latinamerika.<\/p>\n<h4>Identifiera positiva f\u00f6r\u00e4ndringsagenter<\/h4>\n<p>Seminariumet med Singhal utforskade positiv avviksansats, en metod som fokuserar p\u00e5 att identifiera och st\u00e4rka positiva f\u00f6r\u00e4ndringsakt\u00f6rer i samh\u00e4llet, ist\u00e4llet f\u00f6r att bara fokusera p\u00e5 problem och negativa aspekter.<\/p>\n<p>Positiva avvikelser (PD) bygger p\u00e5 observationen att i varje samh\u00e4lle finns det individer eller grupper vars ovanliga beteende och strategier m\u00f6jligg\u00f6r att de hittar b\u00e4ttre l\u00f6sningar p\u00e5 problem \u00e4n sina j\u00e4mn\u00e5riga, \u00e4ven om de har tillg\u00e5ng till samma resurser och st\u00e5r inf\u00f6r liknande eller sv\u00e5rare utmaningar.<br \/>\nGenom en rad interaktiva \u00f6vningar och engagerande diskussioner l\u00e4rde vi oss hur detta tillv\u00e4gag\u00e5ngss\u00e4tt kan f\u00f6r\u00e4ndra v\u00e5rt s\u00e4tt att se p\u00e5 sociala problem och hur vi kan arbeta tillsammans f\u00f6r att skapa meningsfulla f\u00f6r\u00e4ndringar.<\/p>\n<h4>\u2013 Ingen kan skapa f\u00f6r\u00e4ndring ensam<\/h4>\n<p>Ett av de mest inspirerande inslagen vid seminariet var Singhals f\u00f6rm\u00e5ga att f\u00f6rmedla komplexa begrepp p\u00e5 ett tillg\u00e4ngligt s\u00e4tt. Han anv\u00e4nde exempel fr\u00e5n sitt eget liv f\u00f6r att illustrera hur positiv avvikstiln\u00e6rming kan anv\u00e4ndas f\u00f6r att l\u00f6sa verkliga problem. En annan viktig aspekt fr\u00e5n seminariet var betydelsen av samarbete och partnerskap. Singhal visade att ingen kan skapa meningsfulla f\u00f6r\u00e4ndringar ensam, och att det \u00e4r n\u00f6dv\u00e4ndigt att bygga relationer med andra akt\u00f6rer i samh\u00e4llet.<\/p>\n<p>Till sist, efter att ha deltagit i seminariet med Arvind Singhal, k\u00e4nner vi oss inspirerade och motiverade att ta med oss de v\u00e4rdefulla principerna fr\u00e5n PD-tiln\u00e6rmingen in i v\u00e5rt eget arbete. Vi \u00e4r tacksamma f\u00f6r m\u00f6jligheten att ha l\u00e4rt oss av en av de fr\u00e4msta experterna inom omr\u00e5det.<\/p>\n<p>Vi vill \u00e4ven tacka projektet Ung Inkludering f\u00f6r att de arrangerade detta och gav oss m\u00f6jligheten att l\u00e4ra oss mer om positiv avvikstiln\u00e6rming. Vi ser fram emot att ta med oss dessa v\u00e4rdefulla insikter in i v\u00e5rt arbete f\u00f6r att skapa en b\u00e4ttre framtid f\u00f6r unga som st\u00e5r utanf\u00f6r i ARKO-regionen.<\/p>\n<p>Tack, professor Arvind Singhal, f\u00f6r att du inspirerade oss att t\u00e4nka annorlunda och f\u00f6r att visa oss kraften i positiv avvikelsest\u00e4nkande!<\/p>","protected":false},"excerpt":{"rendered":"<p>En m\u00e5ngfaldig samling av handledare, v\u00e5rdpersonal, ungdomsarbetare, socialarbetare och samh\u00e4llsledare, alla samlade med ett gemensamt m\u00e5l: Att arbeta f\u00f6r att unga m\u00e4nniskor ska f\u00e5 delta i arbets- och samh\u00e4llslivet p\u00e5 sina egna villkor.<\/p>","protected":false},"author":1,"featured_media":2623,"template":"","class_list":["post-2621","aktuelt-sail","type-aktuelt-sail","status-publish","has-post-thumbnail","hentry"],"yoast_head":"<!-- This site is optimized with the Yoast SEO plugin v27.4 - https:\/\/yoast.com\/product\/yoast-seo-wordpress\/ -->\n<title>En flott seminaropplevelse ut av komfortsonen - SAIL<\/title>\n<meta name=\"description\" content=\"En mangfoldig samling av veiledere, helsepersonell, ungdomsarbeidere, barnevernansatte og samfunnsledere, alle samlet med et felles m\u00e5l: \u00c5 jobbe for at unge mennesker skal f\u00e5 ta del i arbeid- og samfunnsliv p\u00e5 egne premisser.\" \/>\n<meta name=\"robots\" content=\"index, follow, max-snippet:-1, max-image-preview:large, max-video-preview:-1\" \/>\n<link rel=\"canonical\" href=\"https:\/\/sail-interreg.com\/sv\/aktuelt-sail\/en-flott-seminaropplevelse-ut-av-komfortsonen\/\" \/>\n<meta property=\"og:locale\" content=\"sv_SE\" \/>\n<meta property=\"og:type\" content=\"article\" \/>\n<meta property=\"og:title\" content=\"En flott seminaropplevelse ut av komfortsonen - SAIL\" \/>\n<meta property=\"og:description\" content=\"En mangfoldig samling av veiledere, helsepersonell, ungdomsarbeidere, barnevernansatte og samfunnsledere, alle samlet med et felles m\u00e5l: \u00c5 jobbe for at unge mennesker skal f\u00e5 ta del i arbeid- og samfunnsliv p\u00e5 egne premisser.\" \/>\n<meta property=\"og:url\" content=\"https:\/\/sail-interreg.com\/sv\/aktuelt-sail\/en-flott-seminaropplevelse-ut-av-komfortsonen\/\" \/>\n<meta property=\"og:site_name\" content=\"SAIL\" \/>\n<meta property=\"article:modified_time\" content=\"2023-10-17T21:25:07+00:00\" \/>\n<meta property=\"og:image\" content=\"https:\/\/sail-interreg.com\/wp-content\/uploads\/2023\/10\/Arvind-Singhal-e1697547013189.jpg\" \/>\n\t<meta property=\"og:image:width\" content=\"1536\" \/>\n\t<meta property=\"og:image:height\" content=\"1027\" \/>\n\t<meta property=\"og:image:type\" content=\"image\/jpeg\" \/>\n<meta name=\"twitter:card\" content=\"summary_large_image\" \/>\n<meta name=\"twitter:label1\" content=\"Ber\u00e4knad l\u00e4stid\" \/>\n\t<meta name=\"twitter:data1\" content=\"4 minuter\" \/>\n<script type=\"application\/ld+json\" class=\"yoast-schema-graph\">{\"@context\":\"https:\\\/\\\/schema.org\",\"@graph\":[{\"@type\":\"WebPage\",\"@id\":\"https:\\\/\\\/sail-interreg.com\\\/aktuelt-sail\\\/en-flott-seminaropplevelse-ut-av-komfortsonen\\\/\",\"url\":\"https:\\\/\\\/sail-interreg.com\\\/aktuelt-sail\\\/en-flott-seminaropplevelse-ut-av-komfortsonen\\\/\",\"name\":\"En flott seminaropplevelse ut av komfortsonen - SAIL\",\"isPartOf\":{\"@id\":\"https:\\\/\\\/sail-interreg.com\\\/#website\"},\"primaryImageOfPage\":{\"@id\":\"https:\\\/\\\/sail-interreg.com\\\/aktuelt-sail\\\/en-flott-seminaropplevelse-ut-av-komfortsonen\\\/#primaryimage\"},\"image\":{\"@id\":\"https:\\\/\\\/sail-interreg.com\\\/aktuelt-sail\\\/en-flott-seminaropplevelse-ut-av-komfortsonen\\\/#primaryimage\"},\"thumbnailUrl\":\"https:\\\/\\\/sail-interreg.com\\\/wp-content\\\/uploads\\\/2023\\\/10\\\/Arvind-Singhal-e1697547013189.jpg\",\"datePublished\":\"2023-09-07T12:45:45+00:00\",\"dateModified\":\"2023-10-17T21:25:07+00:00\",\"description\":\"En mangfoldig samling av veiledere, helsepersonell, ungdomsarbeidere, barnevernansatte og samfunnsledere, alle samlet med et felles m\u00e5l: \u00c5 jobbe for at unge mennesker skal f\u00e5 ta del i arbeid- og samfunnsliv p\u00e5 egne premisser.\",\"breadcrumb\":{\"@id\":\"https:\\\/\\\/sail-interreg.com\\\/aktuelt-sail\\\/en-flott-seminaropplevelse-ut-av-komfortsonen\\\/#breadcrumb\"},\"inLanguage\":\"sv-SE\",\"potentialAction\":[{\"@type\":\"ReadAction\",\"target\":[\"https:\\\/\\\/sail-interreg.com\\\/aktuelt-sail\\\/en-flott-seminaropplevelse-ut-av-komfortsonen\\\/\"]}]},{\"@type\":\"ImageObject\",\"inLanguage\":\"sv-SE\",\"@id\":\"https:\\\/\\\/sail-interreg.com\\\/aktuelt-sail\\\/en-flott-seminaropplevelse-ut-av-komfortsonen\\\/#primaryimage\",\"url\":\"https:\\\/\\\/sail-interreg.com\\\/wp-content\\\/uploads\\\/2023\\\/10\\\/Arvind-Singhal-e1697547013189.jpg\",\"contentUrl\":\"https:\\\/\\\/sail-interreg.com\\\/wp-content\\\/uploads\\\/2023\\\/10\\\/Arvind-Singhal-e1697547013189.jpg\",\"width\":1536,\"height\":1027,\"caption\":\"Kristin Gressberg, Arvind Singhal og S\u00f6ren Room\"},{\"@type\":\"BreadcrumbList\",\"@id\":\"https:\\\/\\\/sail-interreg.com\\\/aktuelt-sail\\\/en-flott-seminaropplevelse-ut-av-komfortsonen\\\/#breadcrumb\",\"itemListElement\":[{\"@type\":\"ListItem\",\"position\":1,\"name\":\"Hjem\",\"item\":\"https:\\\/\\\/sail-interreg.com\\\/\"},{\"@type\":\"ListItem\",\"position\":2,\"name\":\"Aktuelt fra sail\",\"item\":\"https:\\\/\\\/sail-interreg.com\\\/aktuelt-sail\\\/\"},{\"@type\":\"ListItem\",\"position\":3,\"name\":\"En flott seminaropplevelse ut av komfortsonen\"}]},{\"@type\":\"WebSite\",\"@id\":\"https:\\\/\\\/sail-interreg.com\\\/#website\",\"url\":\"https:\\\/\\\/sail-interreg.com\\\/\",\"name\":\"SAIL\",\"description\":\"Unges veg til arbeid\",\"potentialAction\":[{\"@type\":\"SearchAction\",\"target\":{\"@type\":\"EntryPoint\",\"urlTemplate\":\"https:\\\/\\\/sail-interreg.com\\\/?s={search_term_string}\"},\"query-input\":{\"@type\":\"PropertyValueSpecification\",\"valueRequired\":true,\"valueName\":\"search_term_string\"}}],\"inLanguage\":\"sv-SE\"}]}<\/script>\n<!-- \/ Yoast SEO plugin. -->","yoast_head_json":{"title":"En flott seminaropplevelse ut av komfortsonen - SAIL","description":"En m\u00e5ngfaldig samling av handledare, v\u00e5rdpersonal, ungdomsarbetare, socialarbetare och samh\u00e4llsledare, alla samlade med ett gemensamt m\u00e5l: Att arbeta f\u00f6r att unga m\u00e4nniskor ska f\u00e5 delta i arbets- och samh\u00e4llslivet p\u00e5 sina egna villkor.","robots":{"index":"index","follow":"follow","max-snippet":"max-snippet:-1","max-image-preview":"max-image-preview:large","max-video-preview":"max-video-preview:-1"},"canonical":"https:\/\/sail-interreg.com\/sv\/aktuelt-sail\/en-flott-seminaropplevelse-ut-av-komfortsonen\/","og_locale":"sv_SE","og_type":"article","og_title":"En flott seminaropplevelse ut av komfortsonen - SAIL","og_description":"En mangfoldig samling av veiledere, helsepersonell, ungdomsarbeidere, barnevernansatte og samfunnsledere, alle samlet med et felles m\u00e5l: \u00c5 jobbe for at unge mennesker skal f\u00e5 ta del i arbeid- og samfunnsliv p\u00e5 egne premisser.","og_url":"https:\/\/sail-interreg.com\/sv\/aktuelt-sail\/en-flott-seminaropplevelse-ut-av-komfortsonen\/","og_site_name":"SAIL","article_modified_time":"2023-10-17T21:25:07+00:00","og_image":[{"width":1536,"height":1027,"url":"https:\/\/sail-interreg.com\/wp-content\/uploads\/2023\/10\/Arvind-Singhal-e1697547013189.jpg","type":"image\/jpeg"}],"twitter_card":"summary_large_image","twitter_misc":{"Ber\u00e4knad l\u00e4stid":"4 minuter"},"schema":{"@context":"https:\/\/schema.org","@graph":[{"@type":"WebPage","@id":"https:\/\/sail-interreg.com\/aktuelt-sail\/en-flott-seminaropplevelse-ut-av-komfortsonen\/","url":"https:\/\/sail-interreg.com\/aktuelt-sail\/en-flott-seminaropplevelse-ut-av-komfortsonen\/","name":"En flott seminaropplevelse ut av komfortsonen - SAIL","isPartOf":{"@id":"https:\/\/sail-interreg.com\/#website"},"primaryImageOfPage":{"@id":"https:\/\/sail-interreg.com\/aktuelt-sail\/en-flott-seminaropplevelse-ut-av-komfortsonen\/#primaryimage"},"image":{"@id":"https:\/\/sail-interreg.com\/aktuelt-sail\/en-flott-seminaropplevelse-ut-av-komfortsonen\/#primaryimage"},"thumbnailUrl":"https:\/\/sail-interreg.com\/wp-content\/uploads\/2023\/10\/Arvind-Singhal-e1697547013189.jpg","datePublished":"2023-09-07T12:45:45+00:00","dateModified":"2023-10-17T21:25:07+00:00","description":"En m\u00e5ngfaldig samling av handledare, v\u00e5rdpersonal, ungdomsarbetare, socialarbetare och samh\u00e4llsledare, alla samlade med ett gemensamt m\u00e5l: Att arbeta f\u00f6r att unga m\u00e4nniskor ska f\u00e5 delta i arbets- och samh\u00e4llslivet p\u00e5 sina egna villkor.","breadcrumb":{"@id":"https:\/\/sail-interreg.com\/aktuelt-sail\/en-flott-seminaropplevelse-ut-av-komfortsonen\/#breadcrumb"},"inLanguage":"sv-SE","potentialAction":[{"@type":"ReadAction","target":["https:\/\/sail-interreg.com\/aktuelt-sail\/en-flott-seminaropplevelse-ut-av-komfortsonen\/"]}]},{"@type":"ImageObject","inLanguage":"sv-SE","@id":"https:\/\/sail-interreg.com\/aktuelt-sail\/en-flott-seminaropplevelse-ut-av-komfortsonen\/#primaryimage","url":"https:\/\/sail-interreg.com\/wp-content\/uploads\/2023\/10\/Arvind-Singhal-e1697547013189.jpg","contentUrl":"https:\/\/sail-interreg.com\/wp-content\/uploads\/2023\/10\/Arvind-Singhal-e1697547013189.jpg","width":1536,"height":1027,"caption":"Kristin Gressberg, Arvind Singhal og S\u00f6ren Room"},{"@type":"BreadcrumbList","@id":"https:\/\/sail-interreg.com\/aktuelt-sail\/en-flott-seminaropplevelse-ut-av-komfortsonen\/#breadcrumb","itemListElement":[{"@type":"ListItem","position":1,"name":"Hjem","item":"https:\/\/sail-interreg.com\/"},{"@type":"ListItem","position":2,"name":"Aktuelt fra sail","item":"https:\/\/sail-interreg.com\/aktuelt-sail\/"},{"@type":"ListItem","position":3,"name":"En flott seminaropplevelse ut av komfortsonen"}]},{"@type":"WebSite","@id":"https:\/\/sail-interreg.com\/#website","url":"https:\/\/sail-interreg.com\/","name":"SAIL","description":"Ungas v\u00e4g till arbete","potentialAction":[{"@type":"SearchAction","target":{"@type":"EntryPoint","urlTemplate":"https:\/\/sail-interreg.com\/?s={search_term_string}"},"query-input":{"@type":"PropertyValueSpecification","valueRequired":true,"valueName":"search_term_string"}}],"inLanguage":"sv-SE"}]}},"_links":{"self":[{"href":"https:\/\/sail-interreg.com\/sv\/wp-json\/wp\/v2\/aktuelt-sail\/2621","targetHints":{"allow":["GET"]}}],"collection":[{"href":"https:\/\/sail-interreg.com\/sv\/wp-json\/wp\/v2\/aktuelt-sail"}],"about":[{"href":"https:\/\/sail-interreg.com\/sv\/wp-json\/wp\/v2\/types\/aktuelt-sail"}],"author":[{"embeddable":true,"href":"https:\/\/sail-interreg.com\/sv\/wp-json\/wp\/v2\/users\/1"}],"version-history":[{"count":0,"href":"https:\/\/sail-interreg.com\/sv\/wp-json\/wp\/v2\/aktuelt-sail\/2621\/revisions"}],"wp:featuredmedia":[{"embeddable":true,"href":"https:\/\/sail-interreg.com\/sv\/wp-json\/wp\/v2\/media\/2623"}],"wp:attachment":[{"href":"https:\/\/sail-interreg.com\/sv\/wp-json\/wp\/v2\/media?parent=2621"}],"curies":[{"name":"wp","href":"https:\/\/api.w.org\/{rel}","templated":true}]}}